{"id":105,"date":"2014-11-11T23:52:02","date_gmt":"2014-11-11T22:52:02","guid":{"rendered":"http:\/\/skogobete.se\/?page_id=105"},"modified":"2016-06-09T14:12:16","modified_gmt":"2016-06-09T12:12:16","slug":"arsredovisning-2008","status":"publish","type":"page","link":"https:\/\/skogobete.se\/?page_id=105","title":{"rendered":"\u00c5rsredovisning 2008"},"content":{"rendered":"<p class=\"mellanrubrik\"><strong>Verksamhetsber\u00e4ttelse 2008: <\/strong><a href=\"http:\/\/skogobete.se\/wp-content\/uploads\/2016\/02\/Verksamhetsber\u00e4ttelse-2008-PDF.pdf\">Verksamhetsber\u00e4ttelse 2008 PDF<\/a><\/p>\n<p class=\"mellanrubrik\"><span class=\"rubrik\" style=\"font-family: Verdana, Arial, Helvetica, sans-serif;\"><strong>Ordinarie \u00c5rsm\u00f6te\/v\u00e5rm\u00f6te 2008<\/strong><\/span><\/p>\n<p class=\"table\"><span style=\"font-family: Verdana, Arial, Helvetica, sans-serif;\">Den 20 maj h\u00f6ll f\u00f6reningen ordinarie f\u00f6reningsst\u00e4mma p\u00e5 Fulltofta Naturcentrum.<br \/>\nCirka 40 personer hade slutit upp p\u00e5 st\u00e4mman. I traditionell ordning b\u00f6rjade vi med fika.<\/span><\/p>\n<p class=\"table\"><span style=\"font-family: Verdana, Arial, Helvetica, sans-serif;\">Ordf\u00f6rande Carl von Friesendorff \u00f6ppnade dagens f\u00f6rhandling och valdes likaledes att leda densamma.<br \/>\nTill justeringsm\u00e4n valdes Eva Nilsson, Ekastiga, 243 93 H\u00f6\u00f6r samt Sture Svantesson, Pl. 2240, 280 22 Vittsj\u00f6.<\/span><\/p>\n<p class=\"table\"><span style=\"font-family: Verdana, Arial, Helvetica, sans-serif;\"><br \/>\nVal av ordf\u00f6rande och styrelseledam\u00f6ter gjordes som f\u00f6ljer:<\/span><\/p>\n<p class=\"table\"><span style=\"font-family: Verdana, Arial, Helvetica, sans-serif;\"><br \/>\nTill ordf\u00f6rande f\u00f6r f\u00f6reningen omvaldes <\/span><span style=\"font-family: Verdana, Arial, Helvetica, sans-serif; font-size: small;\"><span class=\"table_fet\"><br \/>\n<\/span><\/span><span class=\"table_fet\"><span style=\"font-family: Verdana, Arial, Helvetica, sans-serif;\">Carl von Friesendorff, <\/span><\/span><span style=\"font-family: Verdana, Arial, Helvetica, sans-serif; font-size: small;\"><br \/>\n<\/span><span style=\"font-family: Verdana, Arial, Helvetica, sans-serif;\">Silv\u00e5krag\u00e5rden, 240 14 Veber\u00f6d (omval).<\/span><\/p>\n<p class=\"table\"><span style=\"font-family: Verdana, Arial, Helvetica, sans-serif;\">Till ledam\u00f6ter i styrelsen valdes : <span class=\"table_fet\">Fredrik Wachtmeister<\/span>,<br \/>\nM\u00f6llarps S\u00e4teri, 260 23 K\u00e5ger\u00f6d (omval),<\/span><\/p>\n<p class=\"table\"><span style=\"font-family: Verdana, Arial, Helvetica, sans-serif;\"><span class=\"table_fet\">Lena Lannerheim<\/span>,<br \/>\n\u00d6stentorp 4446, 242 94 H\u00f6rby (omval).<\/span><\/p>\n<p class=\"table\"><span style=\"font-family: Verdana, Arial, Helvetica, sans-serif; font-size: small;\"><br \/>\n<\/span><span style=\"font-family: Verdana, Arial, Helvetica, sans-serif;\">\u00d6vriga ledam\u00f6ter i styrelsen \u00e4r: <\/span><span style=\"font-family: Verdana, Arial, Helvetica, sans-serif; font-size: small;\"><br \/>\n<span class=\"table_fet\">Eva Nilsson<\/span>, <\/span><span style=\"font-family: Verdana, Arial, Helvetica, sans-serif;\">Ekastiga, 243 93 H\u00f6\u00f6r, <\/span><span style=\"font-family: Verdana, Arial, Helvetica, sans-serif; font-size: small;\"><br \/>\n<span class=\"table_fet\">Kjell Nystr\u00f6m<\/span>,<\/span><span style=\"font-family: Verdana, Arial, Helvetica, sans-serif;\"> Farhult 8272, 242 96 H\u00f6rby samt <\/span><span style=\"font-family: Verdana, Arial, Helvetica, sans-serif; font-size: small;\"><br \/>\n<\/span><span style=\"font-family: Verdana, Arial, Helvetica, sans-serif;\"><span class=\"table_fet\">Charlotta Kabo Stenberg<\/span><\/span><span style=\"font-family: Verdana, Arial, Helvetica, sans-serif; font-size: small;\">, <\/span><span style=\"font-family: Verdana, Arial, Helvetica, sans-serif;\">Skogsstyrelsen Region \u00d6st (utsedd av Skogsstyrelsen) samt<\/span> <span style=\"font-family: Verdana, Arial, Helvetica, sans-serif;\"><span class=\"table_fet\">Sven Fajersson<\/span><\/span><span style=\"font-family: Verdana, Arial, Helvetica, sans-serif; font-size: small;\">, <\/span><span style=\"font-family: Verdana, Arial, Helvetica, sans-serif;\">Hush\u00e5llningss\u00e4llskapet (utsedd av Hush\u00e5llningss\u00e4llskapet).<\/span><\/p>\n<p class=\"table_fet\"><span style=\"font-family: Verdana, Arial, Helvetica, sans-serif;\"><strong>Hederspriser utdelades.<\/strong><\/span><\/p>\n<p class=\"mellanrubrik\">Pristagare av Sk\u00e5nes Skogs- och Betesv\u00e5rdsf\u00f6reningen Hederspris 2008:<\/p>\n<p class=\"table\"><span class=\"table_fet\"><span style=\"font-family: Verdana, Arial, Helvetica, sans-serif;\">Olle Ericsson<\/span><\/span><span style=\"font-family: Verdana, Arial, Helvetica, sans-serif;\">, Nordmannav\u00e4gen 104, 224 75 Lund<\/span><\/p>\n<p class=\"mellanrubrik\"><span style=\"font-family: Verdana, Arial, Helvetica, sans-serif;\">Pristagare av Sk\u00e5nska Dagbladets Hederspris 2008:<\/span><\/p>\n<p class=\"table\"><span class=\"table_fet\"><span style=\"font-family: Verdana, Arial, Helvetica, sans-serif;\">S\u00f6ren Egeskov<\/span><\/span><span style=\"font-family: Verdana, Arial, Helvetica, sans-serif;\">, Rosl\u00e4tts g\u00e5rd, 233 92 Svedala<\/span><span style=\"font-family: Verdana, Arial, Helvetica, sans-serif;\"><br \/>\n<\/span><\/p>\n<p class=\"table\"><span style=\"font-family: Verdana, Arial, Helvetica, sans-serif;\"><a title=\"Hederspriser 2008\" href=\"http:\/\/skogobete.se\/?page_id=67\">L\u00e4s motiveringarna h\u00e4r &gt;&gt;&gt;<\/a><\/span><\/p>\n<p class=\"table\">\u00c5rsm\u00f6te samt utdelning av hederspriser ingick som en del av dagens \u00f6vriga program.<\/p>\n<p class=\"table\">Sk\u00e5nes Skogs- och Betesv\u00e5rdsf\u00f6rening arbetar som namnet visar s\u00e5v\u00e4l med skogs- som betesfr\u00e5gor. Dagens tema var \u201dSkog, bete eller vete\u201d.<\/p>\n<p class=\"table\">Anita Persson, R\u00e5by G\u00e5rd \u00e4r ordf\u00f6rande f\u00f6r Sveriges N\u00f6tk\u00f6ttsproducenter. Hennes del i dagerns tema var <em>\u201dProblem med l\u00f6nsamheten p\u00e5 betesbaserad n\u00f6tk\u00f6ttsproduktion!\u201d<\/em> F\u00f6rutom samling med morgonfika fick vi guidning av Anita p\u00e5 R\u00e5by G\u00e5rd.<\/p>\n<p class=\"table\">Vi hade d\u00e4refter f\u00f6rv\u00e4ntat oss en information fr\u00e5n L\u00e4nsstyrelsen med klarl\u00e4ggande om <em>\u201dVad g\u00f6r staten f\u00f6r l\u00f6nsamheten i betesdriften\u201d.<\/em><\/p>\n<p class=\"table\">Kl. 10.30 gick f\u00e4rden vidare mot Fulltofta Naturcentrum. Camilla J\u00f6nsson, Milj\u00f6avdelningen, L\u00e4nsstyrelsen tog vid under temat <em>\u201dT\u00e4nk om vi f\u00f6rlorar v\u00e5ra naturbetesmarker?\u201d<\/em><\/p>\n<p class=\"table\">Efter v\u00e4lsmakande lunch tog \u00e5rsm\u00f6tesf\u00f6rhandlingarna vid med utdelning av hederspriser p\u00e5 traditonsenligt s\u00e4tt. Skogss\u00e4llskapet sk\u00f6ter f\u00f6rvaltningen av Fulltofta \u00e5t Region Sk\u00e5ne. Stora delar av fastigheten har under senare \u00e5r varit f\u00f6rm\u00e5l f\u00f6r f\u00f6ryngring. En del betesmarker \u00e4r f\u00f6rem\u00e5l f\u00f6r uppodling med skogsplantor n\u00e5got som bl.a. diskuterades under eftermiddagen.<\/p>\n<p class=\"table\">Skogs- och Betesv\u00e5rdsf\u00f6reningen framf\u00f6r ett varmt tack till ber\u00f6rda f\u00f6redragsh\u00e5llare.<\/p>\n<hr class=\"prickad\" \/>\n<p class=\"mellanrubrik\"><strong>H\u00f6stm\u00f6te<\/strong><\/p>\n<p class=\"table\">Den 12 november h\u00f6ll f\u00f6reningen m\u00f6te p\u00e5 Frostavallen.<br \/>\nTemat f\u00f6r dagen var: <em>Vattenf\u00f6rvaltning och Askskottsjuka.<\/em><\/p>\n<p class=\"table\">G\u00f6sta Regnell, L\u00e4nsstyrelsen inledde dagens tema med <em>\u201dVattenstatus och \u00e5tg\u00e4rder\u201d<\/em> en beskrivning av l\u00e4get i Sk\u00e5ne f\u00f6r v\u00e5ra vattendrag samt aktuella och kommande omr\u00e5den f\u00f6r vattenv\u00e5rd.<\/p>\n<p class=\"table\">Mats Blomberg, S\u00f6dra fortsatte under temat <em>\u201dSkogens p\u00e5verkan p\u00e5 vatten \u2013 h\u00e4nsyn eller retriktioner?\u201d<\/em>. Mats kan konstatera att skogens roll som f\u00f6roreningsk\u00e4lla \u00e4r mycket begr\u00e4nsad. D\u00e4remot finns de ett naturligt fl\u00f6de av n\u00e4rings\u00e4mnen fr\u00e5n skogen.<br \/>\nPia Barklund, SLU ber\u00e4ttade om <em>\u201dAskskottsjuka och n\u00e5gra andra l\u00f6vtr\u00e4dsproblem i Sk\u00e5ne\u201d<\/em>. Askskottsjukan kom till Sverige i nuvarande form f\u00f6r cirka 10 \u00e5r sedan. Situationen i dag \u00e4r oroveckande, med en m\u00e4ngd best\u00e5nd d\u00e4r Askarna \u00e4r mer eller mindre d\u00f6da. M\u00f6jligheterna att begr\u00e4nsa eller f\u00f6rhindra askskottsjukans utbredning bed\u00f6ms som sm\u00e5. \u00c4ven p\u00e5 Al finns sjukdomssymtom fr\u00e4mst i anslutning till v\u00e5ra \u00e5ar. Risken f\u00f6r alen bed\u00f6ms inte vara s\u00e5 allarmerande som f\u00f6r asken.<\/p>\n<p class=\"table\">Charlotta Kabo Stenberg, Skogsstyrelsen, distriktschef i Sk\u00e5ne Sydv\u00e4stra distrikt, ber\u00e4ttade om<em>\u201dAlternativ skog i st\u00e4llet f\u00f6r Ask\u201d<\/em>. Asken v\u00e4xer f\u00f6retr\u00e4desvis p\u00e5 fuktiga marker. Marker som ofta \u00e4ven passar Al. Eftersom Asken \u00e4r ett \u00e4delt l\u00f6vtr\u00e4d finns det restriktioner som inneb\u00e4r att omr\u00e5det i f\u00f6rsta hand skall f\u00f6ryngras med ett alternativt \u00e4dell\u00f6vtr\u00e4d om s\u00e5 \u00e4r m\u00f6jligt. Om detta inte \u00e4r m\u00f6jligt s\u00e5 kan alternativ som Al, eventuellt Sykomorl\u00f6nn komma ifr\u00e5ga. Varje objekt skall ses enskilt och n\u00e5gon generell bed\u00f6mning kan inte bli aktuell.<br \/>\nEfter en intressant f\u00f6rmiddag var det s\u00e5 lunch.<\/p>\n<p class=\"table\">P\u00e5 eftermiddagen exkurerade vi hos Jan Ragnarsson i Norra R\u00f6rum. M\u00e5let f\u00f6r eftermiddagen var studier av askbest\u00e5nd. Den sena tidpunkten p\u00e5 \u00e5ret gjorde f\u00f6rst\u00e5s att n\u00e5gra blad inte fanns kvar p\u00e5 tr\u00e4den. Detta gjorde inte \u00e4mnet mindre intressant. Pia visade hur man kunde utr\u00f6na om en Ask var smittad. Det fanns tydliga tecken p\u00e5 tillbakabildning av askkronorna. Markens f\u00f6ruts\u00e4ttningar f\u00f6r alternativa tr\u00e4dslag varierade varf\u00f6r n\u00e5gon generell modell knappast var l\u00f6sningen.<\/p>\n<p class=\"table\">Sk\u00e5nes Skogs- och Betesv\u00e5rdsf\u00f6rening framf\u00f6r ett stort tack till ber\u00f6rda f\u00f6redragh\u00e5llare<\/p>\n<hr class=\"prickad\" \/>\n<p class=\"mellanrubrik\"><strong>Styrelsem\u00f6ten<\/strong><\/p>\n<p class=\"table\">Styrelsen har under \u00e5ret haft 3 m\u00f6ten. Den 16 januari p\u00e5 Skogsstyrelsens Distriktskontor i H\u00f6\u00f6r. Den 20 maj p\u00e5 Axona kursg\u00e5rd i H\u00f6rby, styrelsem\u00f6te och konstituerande m\u00f6te samt den 20 augusti p\u00e5 Hush\u00e5llningss\u00e4llskapets fastighet i Borgeby. Antalet medlemmar har under \u00e5ret varit 184 betalande.<\/p>\n<p>&nbsp;<\/p>\n<p class=\"table\" align=\"center\">Styrelsen f\u00f6r Sk\u00e5nes Skogs- och Betesv\u00e5rdsf\u00f6rening<br \/>\n2009-01-08<\/p>\n","protected":false},"excerpt":{"rendered":"<p>Verksamhetsber\u00e4ttelse 2008: Verksamhetsber\u00e4ttelse 2008 PDF Ordinarie \u00c5rsm\u00f6te\/v\u00e5rm\u00f6te 2008 Den 20 maj h\u00f6ll f\u00f6reningen ordinarie f\u00f6reningsst\u00e4mma p\u00e5 Fulltofta Naturcentrum. Cirka 40 personer hade slutit upp p\u00e5 st\u00e4mman. I traditionell ordning b\u00f6rjade vi med fika. Ordf\u00f6rande Carl von Friesendorff \u00f6ppnade dagens f\u00f6rhandling och valdes likaledes att leda densamma. Till justeringsm\u00e4n valdes Eva Nilsson, Ekastiga, 243 93 H\u00f6\u00f6r [&hellip;]<\/p>\n","protected":false},"author":1,"featured_media":0,"parent":486,"menu_order":0,"comment_status":"closed","ping_status":"closed","template":"","meta":[],"_links":{"self":[{"href":"https:\/\/skogobete.se\/index.php?rest_route=\/wp\/v2\/pages\/105"}],"collection":[{"href":"https:\/\/skogobete.se\/index.php?rest_route=\/wp\/v2\/pages"}],"about":[{"href":"https:\/\/skogobete.se\/index.php?rest_route=\/wp\/v2\/types\/page"}],"author":[{"embeddable":true,"href":"https:\/\/skogobete.se\/index.php?rest_route=\/wp\/v2\/users\/1"}],"replies":[{"embeddable":true,"href":"https:\/\/skogobete.se\/index.php?rest_route=%2Fwp%2Fv2%2Fcomments&post=105"}],"version-history":[{"count":2,"href":"https:\/\/skogobete.se\/index.php?rest_route=\/wp\/v2\/pages\/105\/revisions"}],"predecessor-version":[{"id":387,"href":"https:\/\/skogobete.se\/index.php?rest_route=\/wp\/v2\/pages\/105\/revisions\/387"}],"up":[{"embeddable":true,"href":"https:\/\/skogobete.se\/index.php?rest_route=\/wp\/v2\/pages\/486"}],"wp:attachment":[{"href":"https:\/\/skogobete.se\/index.php?rest_route=%2Fwp%2Fv2%2Fmedia&parent=105"}],"curies":[{"name":"wp","href":"https:\/\/api.w.org\/{rel}","templated":true}]}}