{"id":111,"date":"2014-11-11T23:53:56","date_gmt":"2014-11-11T22:53:56","guid":{"rendered":"http:\/\/skogobete.se\/?page_id=111"},"modified":"2016-06-09T14:10:53","modified_gmt":"2016-06-09T12:10:53","slug":"arsredovisning-2005","status":"publish","type":"page","link":"https:\/\/skogobete.se\/?page_id=111","title":{"rendered":"\u00c5rsredovisning 2005"},"content":{"rendered":"<p><span class=\"rubrik\"><span style=\"font-family: Verdana, Arial, Helvetica, sans-serif;\"><b>Ordinarie \u00c5rsm\u00f6te\/V\u00e5rm\u00f6te 2005<\/b><\/span><\/span><\/p>\n<p class=\"table\"><span style=\"font-family: Verdana, Arial, Helvetica, sans-serif;\">Den 2 juni h\u00f6ll f\u00f6reningen ordinarie f\u00f6reningsst\u00e4mma.<\/span><\/p>\n<p class=\"table\"><span style=\"font-family: Verdana, Arial, Helvetica, sans-serif;\">Plats: P7 i Revinge.<\/span><\/p>\n<p class=\"table\"><span style=\"font-family: Verdana, Arial, Helvetica, sans-serif;\"><br \/>\nCirka 50 personer hade slutit upp till st\u00e4mman.<\/span><\/p>\n<p class=\"table\"><span style=\"font-family: Verdana, Arial, Helvetica, sans-serif;\">I traditionell ordning b\u00f6rjade vi med fika.<\/span><\/p>\n<p class=\"table\"><span style=\"font-family: Verdana, Arial, Helvetica, sans-serif;\"><br \/>\nOrdf\u00f6rande Carl von Friesendorff \u00f6ppnade dagens f\u00f6rhandling och valdes likaledes att leda densamma. Till justeringsm\u00e4n valdes Peder Treschow, Kristianstad samt Olle Oredsson H\u00e4ssleholm.<\/span><\/p>\n<p class=\"table\"><span style=\"font-family: Verdana, Arial, Helvetica, sans-serif;\"><br \/>\nVal av ordf\u00f6rande och styrelseledam\u00f6ter gjordes som f\u00f6ljer:<br \/>\nTill ordf\u00f6rande f\u00f6r f\u00f6reningen omvaldes Carl von Friesendorff, Silv\u00e5krag\u00e5rden (omval).<br \/>\nTill ledam\u00f6ter i styrelsen valdes Kjell Nystr\u00f6m, H\u00f6rby (omval)<br \/>\nEva Nilsson, H\u00f6\u00f6r (omval).<\/span><\/p>\n<p class=\"table\"><span style=\"font-family: Verdana, Arial, Helvetica, sans-serif;\"><br \/>\n\u00d6vriga ledam\u00f6ter i styrelsen \u00e4r: Fredrik Wachtmeister, K\u00e5ger\u00f6d,<br \/>\nLena Lannerheim, H\u00f6rby,<br \/>\nJan Linder, Skogsstyrelsen Region \u00d6st (utsedd av Skogsstyrelsen)<br \/>\nSven Fajersson, Hush\u00e5llningss\u00e4llskapet (utsedd av Hush\u00e5llningss\u00e4llskapet).<\/span><\/p>\n<p><span style=\"font-family: Verdana, Arial, Helvetica, sans-serif; font-size: small;\">_________________________________________________<\/span><\/p>\n<p class=\"mellanrubrik\"><span style=\"font-family: Verdana, Arial, Helvetica, sans-serif;\">Hederspriser utdelades.<\/span><\/p>\n<p class=\"table\"><span class=\"table_fet\"><span style=\"font-family: Verdana, Arial, Helvetica, sans-serif;\">Sk\u00e5nska Dagbladets hederspris 2005<\/span><\/span><span style=\"font-family: Verdana, Arial, Helvetica, sans-serif;\"><br \/>\nBirgit Johansson, V\u00c4RNAMO (f\u00f6r fastighet i Munkarp)<\/span><\/p>\n<p class=\"table\"><span class=\"table_fet\"><span style=\"font-family: Verdana, Arial, Helvetica, sans-serif;\">Sk\u00e5nes Skogs- och Betesv\u00e5rdsf\u00f6renings hederspris 2005<\/span><\/span><span style=\"font-family: Verdana, Arial, Helvetica, sans-serif;\"><br \/>\nMaria och Ingemar Arvidsson, GLIM\u00c5KRA<\/span><\/p>\n<p class=\"table\"><span style=\"font-family: Verdana, Arial, Helvetica, sans-serif;\"><a title=\"Hederspriser 2005\" href=\"http:\/\/skogobete.se\/?page_id=60\">L\u00e4s motiveringarna h\u00e4r &gt;&gt;<\/a><\/span><\/p>\n<p class=\"table\"><span style=\"font-family: Verdana, Arial, Helvetica, sans-serif;\">Efter \u00e5rsm\u00f6tet och utdelning av hederspriser vidtog dagens \u00f6vriga program 2005.<\/span><\/p>\n<p class=\"table\"><span style=\"font-family: Verdana, Arial, Helvetica, sans-serif;\">Sk\u00e5nes Skogs- och Betesv\u00e5rdsf\u00f6rening arbetar som namnet visar s\u00e5v\u00e4l med skogs- som betesfr\u00e5gor.<\/span><\/p>\n<p class=\"table\"><span style=\"font-family: Verdana, Arial, Helvetica, sans-serif;\"><br \/>\nTema f\u00f6r v\u00e5rm\u00f6tet var<span class=\"table_fet stil1\"> <b>Nya villkor f\u00f6r betesdrift<\/b>. <\/span><br \/>\nInom ramen f\u00f6r detta mycket aktuella tema hade f\u00f6reningen bett Agronom Lars Hellstr\u00f6m, Hush\u00e5llningss\u00e4llskapet, att f\u00f6rklara de nya regler som g\u00e4ller f\u00f6r jordbruksst\u00f6det.<br \/>\nLantbruksdirekt\u00f6r Bengt-Olof Svensson, L\u00e4nsstyelsen, medverkade f\u00f6r att n\u00e4rmare utreda vad Nytt program f\u00f6r utveckling av landsbygden i Sk\u00e5ne inneb\u00e4r.<\/span><\/p>\n<p class=\"table\"><span style=\"font-family: Verdana, Arial, Helvetica, sans-serif;\"><br \/>\nAgronom Anna Kristoffersson, Veber\u00f6d, utvecklade fr\u00e5gest\u00e4llningar kring ordin\u00e4r betesdrift. Eftersom den vidtalade Paul-Eric J\u00f6nsson, Lunds kommun var sjuk, fortsatte Anna Kristoffersson \u00e4ven med fr\u00e5gor om naturbetesmarker.<\/span><\/p>\n<p class=\"table\"><span style=\"font-family: Verdana, Arial, Helvetica, sans-serif;\">Vi blev serverade en utm\u00e4rkt lunch p\u00e5 P7. Efter detta var det enbart positivt att f\u00e5 r\u00f6ra sig.<\/span><\/p>\n<p>Eftermiddagen b\u00f6rjade med studier av storskalig betesdrift p\u00e5 Revingehed; ett mycket aktuellt \u00e4mne, under ledning av Carl-Axel Dahlgren.<br \/>\nD\u00e4refter fortsatte vi med studier av ordin\u00e4r betesdrift och bete p\u00e5 naturbetesmarker under ledning av Anna Kristoffersson. Anna \u00e4r sj\u00e4lv verksam inom omr\u00e5det med betesdrift. Annas pappa Gunnar Kristoffersson fick Skogs- och Betesv\u00e5rdsf\u00f6reningens pris 1988.<\/p>\n<p class=\"mellanrubrik\"><span style=\"font-family: Verdana, Arial, Helvetica, sans-serif;\">H\u00f6stm\u00f6te<\/span><\/p>\n<p class=\"table\"><span style=\"font-family: Verdana, Arial, Helvetica, sans-serif;\">Torsdagen den 10 november h\u00f6ll f\u00f6reningen h\u00f6stm\u00f6te p\u00e5 Naturbruksgymnasiet i Osby. M\u00f6tet var extra v\u00e4lbes\u00f6kt eftersom en av klasserna fr\u00e5n Naturbruksgymnasiet i Skurup f\u00f6rlagt sin undervisning till detta m\u00f6te. Cirka 70 personer bevistade m\u00f6tet.<\/span><\/p>\n<p class=\"table\"><span style=\"font-family: Verdana, Arial, Helvetica, sans-serif;\"><br \/>\nTema f\u00f6r dagen var <span class=\"table_fet\"><b>Efter stormen Gudrun?<\/b><\/span>, ett \u00e4mne som engagerar i dessa dagar. F\u00f6r att utveckla \u00e4mnet hade f\u00f6reningen som vanligt bjudit in en namnkunnig panel.<br \/>\nDocent Kristina Blennow, SLU, Alnarp pratade kring Stormskador i skogsbruket. Hennes f\u00f6redrag handlade bl.a. om stormens p\u00e5verkan i landskapet och planering inf\u00f6r framtida stormar.<\/span><\/p>\n<p class=\"table\"><span style=\"font-family: Verdana, Arial, Helvetica, sans-serif;\"><br \/>\nDocent Erik Agestam, SLU, Alnarp utvecklade \u00e4mnet ytterligare genom att ber\u00e4tta om Vad g\u00f6r vi med de stormskadade best\u00e5nden? M\u00e5nga best\u00e5nd st\u00e5r i n\u00e5gon m\u00e5n kvar efter stormen. Det kan dock vara sv\u00e5rt att bed\u00f6ma om best\u00e5ndsresterna skall tas ner och ett nytt best\u00e5nd skall anl\u00e4ggas eller om kvarvarande best\u00e5nd skall f\u00e5 fortleva. Ett st\u00f6d f\u00f6r dessa tankar fick vi av Erik.<\/span><\/p>\n<p class=\"table\"><span style=\"font-family: Verdana, Arial, Helvetica, sans-serif;\"><br \/>\nProfessor Urban Nilsson, SLU, Alnarp utvecklade \u00e4mnet vidare genom att uttrycka tankar kring \u00c4r blandskog ett s\u00e4kert alternativ?<br \/>\nRektor Lars-\u00c5ke Ljungdahl presenterade verksamheten p\u00e5 Naturbruksgymnasiet i Osby.<br \/>\nLunch serverades p\u00e5 Naturbruksgymnasiet.<\/span><\/p>\n<p><span class=\"table\"><span style=\"font-family: Verdana, Arial, Helvetica, sans-serif;\"><br \/>\nEfter lunch \u00e5kte flertalet till Romper\u00f6d, en fastighet \u00e4gd av Ingemar Arvidsson. Exkursionen genomf\u00f6rdes under J\u00e4gm\u00e4stare Ingvar Svenssons engagerade ledning. Under eftermiddagen diskuterades alternativa modeller f\u00f6r att minska stormens p\u00e5verkan p\u00e5 skogen i form av trakthyggesbruk alternativt bl\u00e4dningsskogsbruk. \u00c4ven fr\u00e5gor med h\u00e4nsyn till skogens framtida kvalit\u00e9 diskuterades.<\/span><\/span><\/p>\n<p><span class=\"mellanrubrik\"><span style=\"font-family: Verdana, Arial, Helvetica, sans-serif;\"><b>Styrelsem\u00f6ten<\/b><\/span><\/span><\/p>\n<p><span class=\"table\"><span style=\"font-family: Verdana, Arial, Helvetica, sans-serif;\">Styrelsen har under \u00e5ret haft 4 m\u00f6ten. Den 13 januari p\u00e5 skogsstyrelsens distriktskontor i H\u00f6\u00f6r. Den 2 juni p\u00e5 P7, i Revinge styrelsem\u00f6te och konstituerande m\u00f6te. Den 18 augusti p\u00e5 Silv\u00e5krag\u00e5rden hos Carl von Friesendorff samt den 10 november p\u00e5 Naturbruksgymnasiet i Osby. Antalet medlemmar har under \u00e5ret varit 209 betalande samt 89 icke betalande. \u00d6kningen av antalet betalande medlemmar \u00e4r 61 st.<br \/>\n<\/span><\/span><\/p>\n<p>&nbsp;<\/p>\n<table border=\"0\" width=\"100%\" cellspacing=\"0\" cellpadding=\"3\">\n<tbody>\n<tr>\n<td class=\"table\" width=\"73%\"><span class=\"table_fet\" style=\"font-family: Verdana, Arial, Helvetica, sans-serif;\"><b>F\u00f6reningens styrelse<\/b><\/span><\/td>\n<td class=\"table_fet\" width=\"27%\"><span style=\"font-family: Verdana, Arial, Helvetica, sans-serif;\"><b>Vald till \u00c5rsst\u00e4mman<\/b><\/span><\/td>\n<\/tr>\n<tr valign=\"top\">\n<td class=\"table\"><span style=\"font-family: Verdana, Arial, Helvetica, sans-serif;\">Ordf\u00f6rande Carl von Friesendorff, Silv\u00e5krag\u00e5rden<br \/>\nTfn. 046-830 12<\/span><\/td>\n<td class=\"table\"><span style=\"font-family: Verdana, Arial, Helvetica, sans-serif;\">2005-2006<\/span><\/td>\n<\/tr>\n<tr valign=\"top\">\n<td class=\"table\"><span style=\"font-family: Verdana, Arial, Helvetica, sans-serif;\">Vice ordf. Fredrik Wachtmeister, M\u00f6llarps S\u00e4teri, K\u00e5ger\u00f6d<\/span><\/td>\n<td class=\"table\"><span style=\"font-family: Verdana, Arial, Helvetica, sans-serif;\">2004-2006<\/span><\/td>\n<\/tr>\n<tr valign=\"top\">\n<td class=\"table\"><span style=\"font-family: Verdana, Arial, Helvetica, sans-serif;\">Lena Lannerheim, \u00d6stentorp, H\u00f6rby<\/span><\/td>\n<td class=\"table\"><span style=\"font-family: Verdana, Arial, Helvetica, sans-serif;\">2004-2006<\/span><\/td>\n<\/tr>\n<tr>\n<td class=\"table\"><span style=\"font-family: Verdana, Arial, Helvetica, sans-serif;\">Kjell Nystr\u00f6m, Farhult, H\u00f6rby<\/span><\/td>\n<td class=\"table\"><span style=\"font-family: Verdana, Arial, Helvetica, sans-serif;\">2005-2007<\/span><\/td>\n<\/tr>\n<tr>\n<td class=\"table\"><span style=\"font-family: Verdana, Arial, Helvetica, sans-serif;\">Eva Nilsson, Ekastiga, H\u00f6\u00f6r<\/span><\/td>\n<td class=\"table\"><span style=\"font-family: Verdana, Arial, Helvetica, sans-serif;\">2005-2007<\/span><\/td>\n<\/tr>\n<tr>\n<td class=\"table\"><span style=\"font-family: Verdana, Arial, Helvetica, sans-serif;\">Jan Linder, Skogsstyrelsen, Region \u00d6st, Box 288, 593 24 V\u00e4stervik, utsedd av Skogsstyrelsen. Tfn. 0490-675 02<\/span><\/td>\n<td><\/td>\n<\/tr>\n<tr>\n<td class=\"table\"><span style=\"font-family: Verdana, Arial, Helvetica, sans-serif;\">Sven Fajersson, Hush\u00e5llningss\u00e4llskapet, Box 9084, 291 09 Kristianstad, utsedd av Hush\u00e5llningss\u00e4llskapet.<br \/>\nTfn. 044-22 99 01<\/span><\/td>\n<td><\/td>\n<\/tr>\n<tr>\n<td class=\"table\"><\/td>\n<td><\/td>\n<\/tr>\n<tr>\n<td class=\"table_fet\"><span style=\"font-family: Verdana, Arial, Helvetica, sans-serif;\">Revisorer<\/span><\/td>\n<td><\/td>\n<\/tr>\n<tr valign=\"top\">\n<td class=\"table\"><span style=\"font-family: Verdana, Arial, Helvetica, sans-serif;\">Bo Johansson, H\u00f6\u00f6r<\/span><\/td>\n<td class=\"table\"><span style=\"font-family: Verdana, Arial, Helvetica, sans-serif;\">2005-2006<\/span><\/td>\n<\/tr>\n<tr valign=\"top\">\n<td class=\"table\"><span style=\"font-family: Verdana, Arial, Helvetica, sans-serif;\">Erik Persson, Hush\u00e5llningss\u00e4llskapet, Borgeby, 237 91 Bj\u00e4rred (utsedd av Hush\u00e5llningss\u00e4llskapet.)<\/span><\/td>\n<td class=\"table\"><span style=\"font-family: Verdana, Arial, Helvetica, sans-serif;\">2005-2006<\/span><\/td>\n<\/tr>\n<tr>\n<td class=\"table\"><\/td>\n<td><\/td>\n<\/tr>\n<tr>\n<td class=\"table_fet\"><span style=\"font-family: Verdana, Arial, Helvetica, sans-serif;\"><b>Suppleanter<\/b><\/span><\/td>\n<td><\/td>\n<\/tr>\n<tr>\n<td class=\"table\"><span style=\"font-family: Verdana, Arial, Helvetica, sans-serif;\">Hans Nilsson, Skepparsl\u00f6vs G\u00e5rd, Kristianstad<\/span><\/td>\n<td class=\"table\"><span style=\"font-family: Verdana, Arial, Helvetica, sans-serif;\">2005-2006<\/span><\/td>\n<\/tr>\n<tr valign=\"top\">\n<td class=\"table\"><span style=\"font-family: Verdana, Arial, Helvetica, sans-serif;\">Ann-Britt Karlsson, Hush\u00e5llningss\u00e4llskapet, Borgeby, 237 91 Bj\u00e4rred (utsedd av Hush\u00e5llningss\u00e4llskapet)<\/span><\/td>\n<td class=\"table\"><span style=\"font-family: Verdana, Arial, Helvetica, sans-serif;\">2005-2006<\/span><\/td>\n<\/tr>\n<tr>\n<td class=\"table\"><\/td>\n<td><\/td>\n<\/tr>\n<tr>\n<td class=\"table_fet\"><span style=\"font-family: Verdana, Arial, Helvetica, sans-serif;\"><b>F\u00f6reningens sekreterare<\/b><\/span><\/td>\n<td><\/td>\n<\/tr>\n<tr>\n<td class=\"table\"><span style=\"font-family: Verdana, Arial, Helvetica, sans-serif;\">Roland Olsson, Skogsstyrelsen, Box 6, 243 21 H\u00f6\u00f6r<br \/>\nBes\u00f6ksadress: Bang\u00e5rdsgatan 6, H\u00f6\u00f6r. Tfn. 0413-276 57.<\/span><\/td>\n<td><\/td>\n<\/tr>\n<tr>\n<td class=\"table\"><\/td>\n<td><\/td>\n<\/tr>\n<tr class=\"table\">\n<td class=\"table_fet\" colspan=\"2\"><span style=\"font-family: Verdana, Arial, Helvetica, sans-serif;\"><b>F\u00f6reningens kassaf\u00f6rvaltare samt f\u00f6rare av medlemsregister<\/b><\/span><\/td>\n<\/tr>\n<tr>\n<td class=\"table\"><span style=\"font-family: Verdana, Arial, Helvetica, sans-serif;\">Hush\u00e5llningss\u00e4llskapet, Sven Fajersson, Box 9084, 291 09 Kristianstad. Tfn. 044-22 99 01<br \/>\nBes\u00f6ksadress: Skepparsl\u00f6vsv\u00e4gen 114, 291 92 Kristianstad.<\/span><\/td>\n<td><\/td>\n<\/tr>\n<tr>\n<td class=\"table\"><\/td>\n<td><\/td>\n<\/tr>\n<tr>\n<td class=\"table\"><span class=\"table_fet\" style=\"font-family: Verdana, Arial, Helvetica, sans-serif;\"><b>Valberedning<\/b><\/span><\/td>\n<td><\/td>\n<\/tr>\n<tr>\n<td class=\"table\"><span style=\"font-family: Verdana, Arial, Helvetica, sans-serif;\">Ulf Lundqvist, Ekeby<\/span><\/td>\n<td class=\"table\"><span style=\"font-family: Verdana, Arial, Helvetica, sans-serif;\">2005-2006<\/span><\/td>\n<\/tr>\n<tr>\n<td class=\"table\"><span style=\"font-family: Verdana, Arial, Helvetica, sans-serif;\">Glenn Oredsson, Skea G\u00e5rd, H\u00e4ssleholm<\/span><\/td>\n<td class=\"table\"><span style=\"font-family: Verdana, Arial, Helvetica, sans-serif;\">2005-2006<\/span><\/td>\n<\/tr>\n<\/tbody>\n<\/table>\n<p><span class=\"table_fet\"><span style=\"font-family: Verdana, Arial, Helvetica, sans-serif;\"><b>Hedersledam\u00f6ter<\/b><\/span><\/span><span style=\"font-family: Verdana, Arial, Helvetica, sans-serif; font-size: small;\"><br \/>\n<\/span><span style=\"font-family: Verdana, Arial, Helvetica, sans-serif;\">F.d. ordf\u00f6rande Friherre Bengt Bennet, Helsingborg<br \/>\nF.d. ordf\u00f6rande och l\u00e4nsr\u00e5d Lennart Linder-Aronson, Malm\u00f6<\/span><\/p>\n<p><span style=\"font-family: Verdana, Arial, Helvetica, sans-serif; font-size: small;\">\u00a0<\/span><\/p>\n","protected":false},"excerpt":{"rendered":"<p>Ordinarie \u00c5rsm\u00f6te\/V\u00e5rm\u00f6te 2005 Den 2 juni h\u00f6ll f\u00f6reningen ordinarie f\u00f6reningsst\u00e4mma. Plats: P7 i Revinge. Cirka 50 personer hade slutit upp till st\u00e4mman. I traditionell ordning b\u00f6rjade vi med fika. Ordf\u00f6rande Carl von Friesendorff \u00f6ppnade dagens f\u00f6rhandling och valdes likaledes att leda densamma. Till justeringsm\u00e4n valdes Peder Treschow, Kristianstad samt Olle Oredsson H\u00e4ssleholm. Val av ordf\u00f6rande [&hellip;]<\/p>\n","protected":false},"author":1,"featured_media":0,"parent":486,"menu_order":0,"comment_status":"closed","ping_status":"closed","template":"","meta":[],"_links":{"self":[{"href":"https:\/\/skogobete.se\/index.php?rest_route=\/wp\/v2\/pages\/111"}],"collection":[{"href":"https:\/\/skogobete.se\/index.php?rest_route=\/wp\/v2\/pages"}],"about":[{"href":"https:\/\/skogobete.se\/index.php?rest_route=\/wp\/v2\/types\/page"}],"author":[{"embeddable":true,"href":"https:\/\/skogobete.se\/index.php?rest_route=\/wp\/v2\/users\/1"}],"replies":[{"embeddable":true,"href":"https:\/\/skogobete.se\/index.php?rest_route=%2Fwp%2Fv2%2Fcomments&post=111"}],"version-history":[{"count":2,"href":"https:\/\/skogobete.se\/index.php?rest_route=\/wp\/v2\/pages\/111\/revisions"}],"predecessor-version":[{"id":488,"href":"https:\/\/skogobete.se\/index.php?rest_route=\/wp\/v2\/pages\/111\/revisions\/488"}],"up":[{"embeddable":true,"href":"https:\/\/skogobete.se\/index.php?rest_route=\/wp\/v2\/pages\/486"}],"wp:attachment":[{"href":"https:\/\/skogobete.se\/index.php?rest_route=%2Fwp%2Fv2%2Fmedia&parent=111"}],"curies":[{"name":"wp","href":"https:\/\/api.w.org\/{rel}","templated":true}]}}